{"id":2444,"date":"2018-06-18T16:21:20","date_gmt":"2018-06-18T19:21:20","guid":{"rendered":"https:\/\/estheticaligner.com.br\/portal\/?page_id=2444"},"modified":"2018-06-27T09:23:09","modified_gmt":"2018-06-27T12:23:09","slug":"agenda_nova","status":"publish","type":"page","link":"https:\/\/estheticaligner.com.co\/portal\/agenda_nova\/","title":{"rendered":"Agenda_Nova"},"content":{"rendered":"[mk_page_section bg_image=&#8221;https:\/\/estheticaligner.com.co\/portal\/wp-content\/uploads\/alinhador-ortodontico-estetico-esthetic-aligner.jpg&#8221; bg_image_portrait=&#8221;https:\/\/estheticaligner.com.co\/portal\/wp-content\/uploads\/alinhador-ortodontico-estetico-esthetic-aligner_retrato-1.jpg&#8221; attachment=&#8221;fixed&#8221; bg_position=&#8221;center center&#8221; bg_stretch=&#8221;true&#8221; padding_top=&#8221;40&#8243; padding_bottom=&#8221;40&#8243; top_shape_color=&#8221;#ffffff&#8221; bottom_shape_style=&#8221;speech-bottom&#8221; bottom_shape_size=&#8221;small&#8221; bottom_shape_color=&#8221;#5a5ada&#8221; bottom_shape_bg_color=&#8221;#ffffff&#8221; section_id=&#8221;depoimentos&#8221; sidebar=&#8221;sidebar-1&#8243;][vc_column css=&#8221;.vc_custom_1465713607627{padding-right: 20px !important;padding-left: 20px !important;}&#8221;][mk_title_box color=&#8221;#5678dc&#8221; highlight_color=&#8221;#ffffff&#8221; highlight_opacity=&#8221;0.9&#8243; size=&#8221;20&#8243; font_weight=&#8221;300&#8243; font_family=&#8221;none&#8221; align=&#8221;center&#8221;]RIO DE JANEIRO &#8211; 31 de Agosto de 2018[\/mk_title_box][mk_fancy_title color=&#8221;#ffffff&#8221; size=&#8221;30&#8243; font_weight=&#8221;200&#8243; txt_transform=&#8221;uppercase&#8221; margin_bottom=&#8221;0&#8243; font_family=&#8221;none&#8221; align=&#8221;center&#8221;]Curso de Diagn\u00f3stico e Planejamento[\/mk_fancy_title][mk_button dimension=&#8221;outline&#8221; corner_style=&#8221;full_rounded&#8221; size=&#8221;medium&#8221; url=&#8221;https:\/\/estheticaligner.com.co\/portal\/curso-planejamento-diagnostico\/&#8221; align=&#8221;center&#8221; outline_skin=&#8221;light&#8221;]SAIBA MAIS[\/mk_button][mk_title_box color=&#8221;#ffffff&#8221; highlight_color=&#8221;#ffffff&#8221; highlight_opacity=&#8221;0&#8243; size=&#8221;20&#8243; font_weight=&#8221;300&#8243; stroke_color=&#8221;#ffffff&#8221; margin_top=&#8221;2&#8243; font_family=&#8221;none&#8221; align=&#8221;center&#8221;]GRATUITO PARA CREDENCIADOS ESTHETIC ALIGNER[\/mk_title_box][\/vc_column][\/mk_page_section][mk_page_section padding_top=&#8221;100&#8243; top_shape_color=&#8221;#ffffff&#8221; bottom_shape_style=&#8221;speech-bottom&#8221; bottom_shape_size=&#8221;small&#8221; bottom_shape_color=&#8221;#5a5ada&#8221; bottom_shape_bg_color=&#8221;#ffffff&#8221; section_id=&#8221;depoimentos&#8221; sidebar=&#8221;sidebar-1&#8243;][vc_column width=&#8221;1\/4&#8243; css=&#8221;.vc_custom_1465713607627{padding-right: 20px !important;padding-left: 20px !important;}&#8221;][mk_fancy_title color_style=&#8221;gradient_color&#8221; grandient_color_from=&#8221;#3ba5f7&#8243; grandient_color_to=&#8221;#7d78f7&#8243; grandient_color_angle=&#8221;diagonal_left_bottom&#8221; grandient_color_fallback=&#8221;#3ba5f7&#8243; size=&#8221;40&#8243; font_weight=&#8221;200&#8243; txt_transform=&#8221;uppercase&#8221; margin_bottom=&#8221;0&#8243; font_family=&#8221;none&#8221;]CURSOS DE CREDENCIAMENTO E EXTENS\u00c3O[\/mk_fancy_title][vc_column_text css=&#8221;.vc_custom_1529350170851{margin-bottom: 0px !important;}&#8221;]\n<p style=\"text-align: justify;\">O Credenciamento no Sistema Esthetic Aligner habilita o Cirurgi\u00e3o Dentista a utilizar o que existe de mais moderno em Ortodontia, um sistema alternativo a terapia ortod\u00f4ntica convencional fixa, que visa atender a um p\u00fablico crescente que busca aliar a est\u00e9tica aos tratamentos de sa\u00fade.<\/p>\n[\/vc_column_text][mk_padding_divider][mk_button dimension=&#8221;outline&#8221; size=&#8221;medium&#8221; icon=&#8221;mk-li-check&#8221; url=&#8221;#reserve&#8221; align=&#8221;center&#8221; fullwidth=&#8221;true&#8221; outline_skin=&#8221;custom&#8221; outline_active_color=&#8221;#3ba5f7&#8243; outline_active_text_color=&#8221;#3ba5f7&#8243; outline_hover_bg_color=&#8221;#3ba5f7&#8243; outline_hover_color=&#8221;#ffffff&#8221;]RESERVE SUA VAGA[\/mk_button][mk_button dimension=&#8221;outline&#8221; size=&#8221;medium&#8221; icon=&#8221;mk-jupiter-icon-simple-whatsapp&#8221; url=&#8221;https:\/\/api.whatsapp.com\/send?phone=5511949475450&#8243; target=&#8221;_blank&#8221; align=&#8221;center&#8221; fullwidth=&#8221;true&#8221; outline_skin=&#8221;custom&#8221; outline_active_color=&#8221;#3ba5f7&#8243; outline_active_text_color=&#8221;#3ba5f7&#8243; outline_hover_bg_color=&#8221;#3ba5f7&#8243; outline_hover_color=&#8221;#ffffff&#8221;]INSCREVA-SE POR WHATSAPP[\/mk_button][mk_button dimension=&#8221;outline&#8221; size=&#8221;medium&#8221; icon=&#8221;mk-li-call&#8221; url=&#8221;tel:+551149929129&#8243; target=&#8221;_blank&#8221; align=&#8221;center&#8221; fullwidth=&#8221;true&#8221; outline_skin=&#8221;custom&#8221; outline_active_color=&#8221;#3ba5f7&#8243; outline_active_text_color=&#8221;#3ba5f7&#8243; outline_hover_bg_color=&#8221;#3ba5f7&#8243; outline_hover_color=&#8221;#ffffff&#8221;]11 4992-9129[\/mk_button][\/vc_column][vc_column width=&#8221;3\/4&#8243;][vc_row_inner column_padding=&#8221;5&#8243;][vc_column_inner width=&#8221;1\/3&#8243;][mk_image src=&#8221;https:\/\/estheticaligner.com.co\/portal\/wp-content\/uploads\/campinas.jpg&#8221; image_size=&#8221;full&#8221;][vc_column_text css=&#8221;.vc_custom_1529354260717{margin-bottom: 0px !important;}&#8221;]<strong>Curso de Credenciamento<\/strong><\/p>\n<p><strong>Data:\u00a0<\/strong>\u00a028 de Julho de 2018<br \/>\n<strong>Local:\u00a0<\/strong>Hotel Royal Palm Residence &#8211; Rua Concei\u00e7\u00e3o, 450 &#8211; Centro &#8211; Campinas &#8211; SP<br \/>\n<strong>Hor\u00e1rio:<\/strong>\u00a0das 08h00 as 18h00<br \/>\n<strong>Investimento:\u00a0<\/strong>R$600,00 (parcelado)<\/p>\n[\/vc_column_text][mk_button dimension=&#8221;outline&#8221; size=&#8221;medium&#8221; icon=&#8221;mk-jupiter-icon-simple-whatsapp&#8221; url=&#8221;https:\/\/api.whatsapp.com\/send?phone=5511949475450&#8243; target=&#8221;_blank&#8221; align=&#8221;center&#8221; fullwidth=&#8221;true&#8221; outline_skin=&#8221;custom&#8221; outline_active_color=&#8221;#3ba5f7&#8243; outline_active_text_color=&#8221;#3ba5f7&#8243; outline_hover_bg_color=&#8221;#3ba5f7&#8243; outline_hover_color=&#8221;#ffffff&#8221;]INSCREVA-SE AGORA[\/mk_button][\/vc_column_inner][vc_column_inner width=&#8221;1\/3&#8243;][mk_image src=&#8221;https:\/\/estheticaligner.com.co\/portal\/wp-content\/uploads\/sao-paulo.jpg&#8221; image_size=&#8221;full&#8221;][vc_column_text css=&#8221;.vc_custom_1529354280484{margin-bottom: 0px !important;}&#8221;]<strong>Curso de Credenciamento<\/strong><\/p>\n<p><strong>Data:\u00a0<\/strong>\u00a004 de Agosto de 2018<br \/>\n<strong>Local:\u00a0<\/strong>Alameda Santos, 1293 \u2013 2\u00ba Andar \u2013 Espa\u00e7o T&amp;D \u2013 Jardim Paulista \u2013 S\u00e3o Paulo \u2013 SP<br \/>\n<strong>Hor\u00e1rio:<\/strong>\u00a0das 08h00 as 18h00<br \/>\n<strong>Investimento:\u00a0<\/strong>R$600,00 (parcelado)<\/p>\n[\/vc_column_text][mk_button dimension=&#8221;outline&#8221; size=&#8221;medium&#8221; icon=&#8221;mk-jupiter-icon-simple-whatsapp&#8221; url=&#8221;https:\/\/api.whatsapp.com\/send?phone=5511949475450&#8243; target=&#8221;_blank&#8221; align=&#8221;center&#8221; fullwidth=&#8221;true&#8221; outline_skin=&#8221;custom&#8221; outline_active_color=&#8221;#3ba5f7&#8243; outline_active_text_color=&#8221;#3ba5f7&#8243; outline_hover_bg_color=&#8221;#3ba5f7&#8243; outline_hover_color=&#8221;#ffffff&#8221;]INSCREVA-SE AGORA[\/mk_button][\/vc_column_inner][vc_column_inner width=&#8221;1\/3&#8243;][mk_image src=&#8221;https:\/\/estheticaligner.com.co\/portal\/wp-content\/uploads\/goiania.jpg&#8221; image_size=&#8221;full&#8221;][vc_column_text css=&#8221;.vc_custom_1529354266950{margin-bottom: 0px !important;}&#8221;]<strong>Curso de Credenciamento<\/strong><\/p>\n<p><strong>Data:\u00a0<\/strong>\u00a011 de Agosto de 2018<br \/>\n<strong>Local:\u00a0<\/strong>Avenida Portugal, 855 &#8211; Setor Marista &#8211; Goi\u00e2nia &#8211; GO<br \/>\n<strong>Hor\u00e1rio:<\/strong>\u00a0das 08h00 as 18h00<br \/>\n<strong>Investimento:\u00a0<\/strong>R$600,00 (parcelado)<\/p>\n[\/vc_column_text][mk_button dimension=&#8221;outline&#8221; size=&#8221;medium&#8221; icon=&#8221;mk-jupiter-icon-simple-whatsapp&#8221; url=&#8221;https:\/\/api.whatsapp.com\/send?phone=5511949475450&#8243; target=&#8221;_blank&#8221; align=&#8221;center&#8221; fullwidth=&#8221;true&#8221; outline_skin=&#8221;custom&#8221; outline_active_color=&#8221;#3ba5f7&#8243; outline_active_text_color=&#8221;#3ba5f7&#8243; outline_hover_bg_color=&#8221;#3ba5f7&#8243; outline_hover_color=&#8221;#ffffff&#8221;]INSCREVA-SE AGORA[\/mk_button][\/vc_column_inner][\/vc_row_inner][vc_row_inner column_padding=&#8221;5&#8243;][vc_column_inner width=&#8221;1\/3&#8243;][mk_image src=&#8221;https:\/\/estheticaligner.com.co\/portal\/wp-content\/uploads\/salvador.jpg&#8221; image_size=&#8221;full&#8221;][vc_column_text css=&#8221;.vc_custom_1529351203079{margin-bottom: 0px !important;}&#8221;]<strong>Curso de Credenciamento<\/strong><\/p>\n<p><strong>Data:<\/strong>\u00a0 18 de Agosto de 2018<br \/>\n<strong>Local:\u00a0<\/strong>Hotel Intercity Premium Salvador &#8211; Av. Tancredo Neves, 2227 &#8211; Caminho das \u00c1rvores, Salvador &#8211; BA<br \/>\n<strong>Hor\u00e1rio:<\/strong>\u00a0das 08h00 as 18h00<br \/>\n<strong>Investimento:\u00a0<\/strong>R$600,00 (parcelado)[\/vc_column_text][mk_button dimension=&#8221;outline&#8221; size=&#8221;medium&#8221; icon=&#8221;mk-jupiter-icon-simple-whatsapp&#8221; url=&#8221;https:\/\/api.whatsapp.com\/send?phone=5511949475450&#8243; target=&#8221;_blank&#8221; align=&#8221;center&#8221; fullwidth=&#8221;true&#8221; outline_skin=&#8221;custom&#8221; outline_active_color=&#8221;#3ba5f7&#8243; outline_active_text_color=&#8221;#3ba5f7&#8243; outline_hover_bg_color=&#8221;#3ba5f7&#8243; outline_hover_color=&#8221;#ffffff&#8221;]INSCREVA-SE AGORA[\/mk_button][\/vc_column_inner][vc_column_inner width=&#8221;1\/3&#8243;][mk_image src=&#8221;https:\/\/estheticaligner.com.co\/portal\/wp-content\/uploads\/juiz-de-fora.jpg&#8221; image_size=&#8221;full&#8221;][vc_column_text css=&#8221;.vc_custom_1529354893988{margin-bottom: 0px !important;}&#8221;]<strong>Curso de Credenciamento<\/strong><\/p>\n<p><strong>Data:<\/strong>\u00a0 22 de Agosto de 2018<br \/>\n<strong>Local:\u00a0<\/strong>A confirmar.<br \/>\n<strong>Cidade:\u00a0<\/strong>Juiz de Fora &#8211; MG<br \/>\n<strong>Hor\u00e1rio:<\/strong>\u00a0das 08h00 as 18h00<br \/>\n<strong>Investimento:\u00a0<\/strong>R$600,00 (parcelado)[\/vc_column_text][mk_button dimension=&#8221;outline&#8221; size=&#8221;medium&#8221; icon=&#8221;mk-jupiter-icon-simple-whatsapp&#8221; url=&#8221;https:\/\/api.whatsapp.com\/send?phone=5511949475450&#8243; target=&#8221;_blank&#8221; align=&#8221;center&#8221; fullwidth=&#8221;true&#8221; outline_skin=&#8221;custom&#8221; outline_active_color=&#8221;#3ba5f7&#8243; outline_active_text_color=&#8221;#3ba5f7&#8243; outline_hover_bg_color=&#8221;#3ba5f7&#8243; outline_hover_color=&#8221;#ffffff&#8221;]INSCREVA-SE AGORA[\/mk_button][\/vc_column_inner][vc_column_inner width=&#8221;1\/3&#8243;][mk_image src=&#8221;https:\/\/estheticaligner.com.co\/portal\/wp-content\/uploads\/curso-diagnostico-e-planejamento.jpg&#8221; image_size=&#8221;full&#8221;][vc_column_text css=&#8221;.vc_custom_1529351255574{margin-bottom: 0px !important;}&#8221;]<strong>Curso de Diagn\u00f3stico e Planejamento<\/strong><\/p>\n<p><strong>Data:<\/strong>\u00a0 31 de Agosto de 2018<br \/>\n<strong>Local:\u00a0<\/strong>Arena Ipanema Hotel \u2013 R. Francisco Otaviano, 131 \u2013 Ipanema, Rio de Janeiro \u2013 RJ<br \/>\n<strong>Hor\u00e1rio:<\/strong>\u00a0das 08h30 as 17h30<br \/>\n<a href=\"https:\/\/estheticaligner.com.co\/portal\/curso-planejamento-diagnostico\/\"><b>SAIBA MAIS<\/b><\/a>[\/vc_column_text][mk_button dimension=&#8221;outline&#8221; size=&#8221;medium&#8221; icon=&#8221;mk-jupiter-icon-simple-whatsapp&#8221; url=&#8221;https:\/\/api.whatsapp.com\/send?phone=5511949475450&#8243; target=&#8221;_blank&#8221; align=&#8221;center&#8221; fullwidth=&#8221;true&#8221; outline_skin=&#8221;custom&#8221; outline_active_color=&#8221;#3ba5f7&#8243; outline_active_text_color=&#8221;#3ba5f7&#8243; outline_hover_bg_color=&#8221;#3ba5f7&#8243; outline_hover_color=&#8221;#ffffff&#8221;]INSCREVA-SE AGORA[\/mk_button][\/vc_column_inner][\/vc_row_inner][vc_row_inner column_padding=&#8221;15&#8243;][vc_column_inner width=&#8221;1\/3&#8243;][mk_image src=&#8221;https:\/\/estheticaligner.com.co\/portal\/wp-content\/uploads\/rio-de-janeiro.jpg&#8221; image_size=&#8221;full&#8221;][vc_column_text css=&#8221;.vc_custom_1529354233198{margin-bottom: 0px !important;}&#8221;]<strong>Curso de Credenciamento<\/strong><\/p>\n<p><strong>Data:<\/strong>\u00a0 01 de Setembro de 2018<br \/>\n<strong>Local:\u00a0<\/strong>Arena Ipanema Hotel \u2013 R. Francisco Otaviano, 131 \u2013 Ipanema, Rio de Janeiro \u2013 RJ<br \/>\n<strong>Hor\u00e1rio:<\/strong>\u00a0das 08h00 as 18h00<br \/>\n<strong>Investimento:\u00a0<\/strong>R$600,00 (parcelado)<\/p>\n[\/vc_column_text][mk_button dimension=&#8221;outline&#8221; size=&#8221;medium&#8221; icon=&#8221;mk-jupiter-icon-simple-whatsapp&#8221; url=&#8221;https:\/\/api.whatsapp.com\/send?phone=5511949475450&#8243; target=&#8221;_blank&#8221; align=&#8221;center&#8221; fullwidth=&#8221;true&#8221; outline_skin=&#8221;custom&#8221; outline_active_color=&#8221;#3ba5f7&#8243; outline_active_text_color=&#8221;#3ba5f7&#8243; outline_hover_bg_color=&#8221;#3ba5f7&#8243; outline_hover_color=&#8221;#ffffff&#8221;]INSCREVA-SE AGORA[\/mk_button][\/vc_column_inner][vc_column_inner width=&#8221;1\/3&#8243;][mk_image src=&#8221;https:\/\/estheticaligner.com.co\/portal\/wp-content\/uploads\/rio-de-janeiro.jpg&#8221; image_size=&#8221;full&#8221;][vc_column_text css=&#8221;.vc_custom_1529354240489{margin-bottom: 0px !important;}&#8221;]<strong>Curso de Credenciamento<\/strong><\/p>\n<p><strong>Data:<\/strong>\u00a0 24 de Novembro de 2018<br \/>\n<strong>Local:\u00a0<\/strong>Arena Ipanema Hotel \u2013 R. Francisco Otaviano, 131 \u2013 Ipanema, Rio de Janeiro \u2013 RJ<br \/>\n<strong>Hor\u00e1rio:<\/strong>\u00a0das 08h00 as 18h00<br \/>\n<strong>Investimento:\u00a0<\/strong>R$600,00 (parcelado)<\/p>\n[\/vc_column_text][mk_button dimension=&#8221;outline&#8221; size=&#8221;medium&#8221; icon=&#8221;mk-jupiter-icon-simple-whatsapp&#8221; url=&#8221;https:\/\/api.whatsapp.com\/send?phone=5511949475450&#8243; target=&#8221;_blank&#8221; align=&#8221;center&#8221; fullwidth=&#8221;true&#8221; outline_skin=&#8221;custom&#8221; outline_active_color=&#8221;#3ba5f7&#8243; outline_active_text_color=&#8221;#3ba5f7&#8243; outline_hover_bg_color=&#8221;#3ba5f7&#8243; outline_hover_color=&#8221;#ffffff&#8221;]INSCREVA-SE AGORA[\/mk_button][\/vc_column_inner][\/vc_row_inner][\/vc_column][\/mk_page_section][mk_page_section bg_color=&#8221;#2c9afb&#8221; enable_3d=&#8221;true&#8221; bg_gradient=&#8221;vertical&#8221; video_color_mask=&#8221;#5a5ada&#8221; gr_end=&#8221;#43a5f4&#8243; video_opacity=&#8221;1&#8243; min_height=&#8221;0&#8243; padding_top=&#8221;80&#8243; padding_bottom=&#8221;80&#8243; top_shape_style=&#8221;speech-top&#8221; top_shape_color=&#8221;#ffffff&#8221; top_shape_bg_color=&#8221;#43a5f4&#8243; bottom_shape_color=&#8221;#ffffff&#8221; section_id=&#8221;reserve&#8221; sidebar=&#8221;sidebar-1&#8243;][vc_column][vc_row_inner][vc_column_inner width=&#8221;1\/6&#8243;][\/vc_column_inner][vc_column_inner width=&#8221;2\/3&#8243;][mk_fancy_title color=&#8221;#ffffff&#8221; size=&#8221;45&#8243; font_weight=&#8221;200&#8243; margin_bottom=&#8221;0&#8243; font_family=&#8221;none&#8221; align=&#8221;center&#8221;]Reserve sua vaga[\/mk_fancy_title][vc_custom_heading text=&#8221;Quer se tornar um credenciado Esthetic Aligner? Preencha o formul\u00e1rio abaixo e selecione a data e local em que deseja frequentar o curso presencial. Nossa equipe entrar\u00e1 em contato para concluir sua inscri\u00e7\u00e3o.&#8221; font_container=&#8221;tag:p|font_size:24px|text_align:center|color:%23ffffff|line_height:35px&#8221; use_theme_fonts=&#8221;yes&#8221;]\n<div class=\"wpcf7 no-js\" id=\"wpcf7-f1610-o1\" lang=\"pt-BR\" dir=\"ltr\">\n<div class=\"screen-reader-response\"><p role=\"status\" aria-live=\"polite\" aria-atomic=\"true\"><\/p> <ul><\/ul><\/div>\n<form action=\"\/portal\/wp-json\/wp\/v2\/pages\/2444#wpcf7-f1610-o1\" method=\"post\" class=\"wpcf7-form init\" aria-label=\"Formul\u00e1rios de contato\" novalidate=\"novalidate\" data-status=\"init\">\n<div style=\"display: none;\">\n<input type=\"hidden\" name=\"_wpcf7\" value=\"1610\" \/>\n<input type=\"hidden\" name=\"_wpcf7_version\" value=\"5.9.3\" \/>\n<input type=\"hidden\" name=\"_wpcf7_locale\" value=\"pt_BR\" \/>\n<input type=\"hidden\" name=\"_wpcf7_unit_tag\" value=\"wpcf7-f1610-o1\" \/>\n<input type=\"hidden\" name=\"_wpcf7_container_post\" value=\"0\" \/>\n<input type=\"hidden\" name=\"_wpcf7_posted_data_hash\" value=\"\" \/>\n<\/div>\n<p><span class=\"wpcf7-form-control-wrap\" data-name=\"nome\"><input size=\"40\" class=\"wpcf7-form-control wpcf7-text wpcf7-validates-as-required\" aria-required=\"true\" aria-invalid=\"false\" placeholder=\"Nome Completo*\" value=\"\" type=\"text\" name=\"nome\" \/><\/span><br \/>\n<span class=\"wpcf7-form-control-wrap\" data-name=\"cro\"><input size=\"40\" class=\"wpcf7-form-control wpcf7-text wpcf7-validates-as-required\" aria-required=\"true\" aria-invalid=\"false\" placeholder=\"CRO*\" value=\"\" type=\"text\" name=\"cro\" \/><\/span><br \/>\n<span class=\"wpcf7-form-control-wrap\" data-name=\"email\"><input size=\"40\" class=\"wpcf7-form-control wpcf7-email wpcf7-validates-as-required wpcf7-text wpcf7-validates-as-email\" aria-required=\"true\" aria-invalid=\"false\" placeholder=\"E-mail*\" value=\"\" type=\"email\" name=\"email\" \/><\/span><br \/>\n<span class=\"wpcf7-form-control-wrap\" data-name=\"celular\"><input size=\"40\" class=\"wpcf7-form-control wpcf7-text wpcf7-validates-as-required\" aria-required=\"true\" aria-invalid=\"false\" placeholder=\"Celular (com DDD)*\" value=\"\" type=\"text\" name=\"celular\" \/><\/span><br \/>\n<span style=\"color:#fff;\">Selecione a data e local em que deseja fazer o curso:<\/span><br \/>\n<span class=\"wpcf7-form-control-wrap\" data-name=\"curso\"><select class=\"wpcf7-form-control wpcf7-select wpcf7-validates-as-required\" aria-required=\"true\" aria-invalid=\"false\" name=\"curso\"><option value=\"\">&#8212;Escolha uma op\u00e7\u00e3o&#8212;<\/option><option value=\"Credenciamento Online\">Credenciamento Online<\/option><option value=\"Rio de Janeiro Credenciamento- 15\/07\/2022\">Rio de Janeiro Credenciamento- 15\/07\/2022<\/option><option value=\"S\u00e3o Paulo Credenciamento- 22\/07\/2022\">S\u00e3o Paulo Credenciamento- 22\/07\/2022<\/option><option value=\"S\u00e3o Paulo Dicas Cl\u00ednicas - 23\/07\/2022\">S\u00e3o Paulo Dicas Cl\u00ednicas - 23\/07\/2022<\/option><option value=\"S\u00e3o Paulo Credenciamento- 26\/08\/2022\">S\u00e3o Paulo Credenciamento- 26\/08\/2022<\/option><option value=\"Rio de Janeiro Credenciamento- 15\/09\/2022\">Rio de Janeiro Credenciamento- 15\/09\/2022<\/option><option value=\"Rio de Janeiro Dicas Cl\u00ednicas- 16\/09\/2022\">Rio de Janeiro Dicas Cl\u00ednicas- 16\/09\/2022<\/option><option value=\"S\u00e3o Paulo Credenciamento- 07\/10\/2022\">S\u00e3o Paulo Credenciamento- 07\/10\/2022<\/option><option value=\"Rio de Janeiro Credenciamento- 25\/11\/2022\">Rio de Janeiro Credenciamento- 25\/11\/2022<\/option><option value=\"S\u00e3o Paulo Credenciamento- 02\/12\/2022\">S\u00e3o Paulo Credenciamento- 02\/12\/2022<\/option><\/select><\/span>\n<\/p>\n<p><input class=\"wpcf7-form-control wpcf7-submit has-spinner\" type=\"submit\" value=\"Reservar Vaga\" \/>\n<\/p><div class=\"wpcf7-response-output\" aria-hidden=\"true\"><\/div>\n<\/form>\n<\/div>\n[mk_padding_divider size=&#8221;20&#8243;][mk_divider style=&#8221;thin_solid&#8221; thin_single_color=&#8221;#ffffff&#8221; thickness=&#8221;2&#8243;][mk_fancy_title color=&#8221;#ffffff&#8221; size=&#8221;30&#8243; font_weight=&#8221;200&#8243; margin_bottom=&#8221;0&#8243; font_family=&#8221;none&#8221; align=&#8221;center&#8221;]Sem tempo para o credenciamento presencial?[\/mk_fancy_title][mk_button dimension=&#8221;outline&#8221; corner_style=&#8221;full_rounded&#8221; size=&#8221;large&#8221; url=&#8221;https:\/\/estheticaligner.com.co\/portal\/credenciamento-online\/&#8221; align=&#8221;center&#8221; outline_skin=&#8221;custom&#8221; outline_active_color=&#8221;#ffffff&#8221; outline_active_text_color=&#8221;#ffffff&#8221; outline_hover_bg_color=&#8221;#ffffff&#8221; outline_hover_color=&#8221;#43a5f4&#8243;]COMECE AGORA O SEU CREDENCIAMENTO[\/mk_button][\/vc_column_inner][vc_column_inner width=&#8221;1\/6&#8243;][\/vc_column_inner][\/vc_row_inner][\/vc_column][\/mk_page_section]\n","protected":false},"excerpt":{"rendered":"<p>[mk_page_section bg_image=&#8221;https:\/\/estheticaligner.com.co\/portal\/wp-content\/uploads\/alinhador-ortodontico-estetico-esthetic-aligner.jpg&#8221; bg_image_portrait=&#8221;https:\/\/estheticaligner.com.co\/portal\/wp-content\/uploads\/alinhador-ortodontico-estetico-esthetic-aligner_retrato-1.jpg&#8221; attachment=&#8221;fixed&#8221; bg_position=&#8221;center center&#8221; bg_stretch=&#8221;true&#8221; padding_top=&#8221;40&#8243; padding_bottom=&#8221;40&#8243; top_shape_color=&#8221;#ffffff&#8221; bottom_shape_style=&#8221;speech-bottom&#8221; bottom_shape_size=&#8221;small&#8221; bottom_shape_color=&#8221;#5a5ada&#8221; bottom_shape_bg_color=&#8221;#ffffff&#8221; section_id=&#8221;depoimentos&#8221; sidebar=&#8221;sidebar-1&#8243;][vc_column css=&#8221;.vc_custom_1465713607627{padding-right: 20px !important;padding-left: 20px !important;}&#8221;][mk_title_box color=&#8221;#5678dc&#8221; highlight_color=&#8221;#ffffff&#8221; highlight_opacity=&#8221;0.9&#8243; size=&#8221;20&#8243; font_weight=&#8221;300&#8243; font_family=&#8221;none&#8221; align=&#8221;center&#8221;]RIO DE JANEIRO &#8211; 31 de Agosto de 2018[\/mk_title_box][mk_fancy_title color=&#8221;#ffffff&#8221; size=&#8221;30&#8243; font_weight=&#8221;200&#8243; txt_transform=&#8221;uppercase&#8221; margin_bottom=&#8221;0&#8243; font_family=&#8221;none&#8221; align=&#8221;center&#8221;]Curso de Diagn\u00f3stico e Planejamento[\/mk_fancy_title][mk_button dimension=&#8221;outline&#8221; corner_style=&#8221;full_rounded&#8221; size=&#8221;medium&#8221; url=&#8221;https:\/\/estheticaligner.com.co\/portal\/curso-planejamento-diagnostico\/&#8221; align=&#8221;center&#8221; outline_skin=&#8221;light&#8221;]SAIBA MAIS[\/mk_button][mk_title_box color=&#8221;#ffffff&#8221; [&hellip;]<\/p>\n","protected":false},"author":3188,"featured_media":0,"parent":0,"menu_order":0,"comment_status":"closed","ping_status":"closed","template":"","meta":{"footnotes":""},"_links":{"self":[{"href":"https:\/\/estheticaligner.com.co\/portal\/wp-json\/wp\/v2\/pages\/2444"}],"collection":[{"href":"https:\/\/estheticaligner.com.co\/portal\/wp-json\/wp\/v2\/pages"}],"about":[{"href":"https:\/\/estheticaligner.com.co\/portal\/wp-json\/wp\/v2\/types\/page"}],"author":[{"embeddable":true,"href":"https:\/\/estheticaligner.com.co\/portal\/wp-json\/wp\/v2\/users\/3188"}],"replies":[{"embeddable":true,"href":"https:\/\/estheticaligner.com.co\/portal\/wp-json\/wp\/v2\/comments?post=2444"}],"version-history":[{"count":0,"href":"https:\/\/estheticaligner.com.co\/portal\/wp-json\/wp\/v2\/pages\/2444\/revisions"}],"wp:attachment":[{"href":"https:\/\/estheticaligner.com.co\/portal\/wp-json\/wp\/v2\/media?parent=2444"}],"curies":[{"name":"wp","href":"https:\/\/api.w.org\/{rel}","templated":true}]}}