{"id":2140,"date":"2018-03-06T09:09:58","date_gmt":"2018-03-06T12:09:58","guid":{"rendered":"https:\/\/estheticaligner.com.br\/portal\/?page_id=2140"},"modified":"2020-03-06T11:46:36","modified_gmt":"2020-03-06T14:46:36","slug":"curso-planejamento-diagnostico","status":"publish","type":"page","link":"https:\/\/estheticaligner.com.co\/portal\/curso-planejamento-diagnostico\/","title":{"rendered":"Curso de Planejamento e Diagn\u00f3stico"},"content":{"rendered":"[mk_page_section bg_image=&#8221;https:\/\/estheticaligner.com.co\/portal\/wp-content\/uploads\/alinhador-ortodontico-estetico-esthetic-aligner.jpg&#8221; bg_image_portrait=&#8221;https:\/\/estheticaligner.com.co\/portal\/wp-content\/uploads\/alinhador-ortodontico-estetico-esthetic-aligner_retrato-1.jpg&#8221; attachment=&#8221;fixed&#8221; bg_position=&#8221;center center&#8221; bg_stretch=&#8221;true&#8221; padding_top=&#8221;60&#8243; padding_bottom=&#8221;60&#8243; top_shape_color=&#8221;#ffffff&#8221; bottom_shape_style=&#8221;speech-bottom&#8221; bottom_shape_size=&#8221;small&#8221; bottom_shape_color=&#8221;#5a5ada&#8221; bottom_shape_bg_color=&#8221;#ffffff&#8221; section_id=&#8221;depoimentos&#8221; sidebar=&#8221;sidebar-1&#8243;][vc_column css=&#8221;.vc_custom_1465713607627{padding-right: 20px !important;padding-left: 20px !important;}&#8221;][mk_fancy_title color=&#8221;#ffffff&#8221; size=&#8221;40&#8243; font_weight=&#8221;200&#8243; txt_transform=&#8221;uppercase&#8221; margin_bottom=&#8221;0&#8243; font_family=&#8221;none&#8221; align=&#8221;center&#8221;]Curso de Diagn\u00f3stico e Planejamento[\/mk_fancy_title][vc_row_inner][vc_column_inner width=&#8221;1\/6&#8243;][\/vc_column_inner][vc_column_inner width=&#8221;2\/3&#8243;][mk_fancy_title color=&#8221;#ffffff&#8221; size=&#8221;20&#8243; font_weight=&#8221;bolder&#8221; txt_transform=&#8221;none&#8221; margin_bottom=&#8221;0&#8243; font_family=&#8221;none&#8221; align=&#8221;center&#8221;]An\u00e1lise Facial &#8211; An\u00e1lise Cefalom\u00e9trica Simplificada &#8211;\u00a0An\u00e1lise de Modelo Digital &#8211; Planejamento e Desenvolvimento de Casos com Alinhadores[\/mk_fancy_title][\/vc_column_inner][vc_column_inner width=&#8221;1\/6&#8243;][\/vc_column_inner][\/vc_row_inner][mk_padding_divider][mk_title_box color=&#8221;#5678dc&#8221; highlight_color=&#8221;#ffffff&#8221; highlight_opacity=&#8221;0.9&#8243; size=&#8221;30&#8243; line_height=&#8221;50&#8243; font_weight=&#8221;300&#8243; font_family=&#8221;none&#8221; align=&#8221;center&#8221;]INSCRI\u00c7\u00d5ES GRATUITAS PARA CREDENCIADOS ESTHETIC ALIGNER[\/mk_title_box][mk_fancy_title color=&#8221;#ffffff&#8221; size=&#8221;16&#8243; font_weight=&#8221;bolder&#8221; txt_transform=&#8221;none&#8221; margin_bottom=&#8221;0&#8243; font_family=&#8221;none&#8221; align=&#8221;center&#8221;][\/mk_fancy_title][\/vc_column][\/mk_page_section][mk_page_section padding_top=&#8221;60&#8243; padding_bottom=&#8221;60&#8243; sidebar=&#8221;sidebar-1&#8243;][vc_column width=&#8221;1\/2&#8243;][mk_title_box color=&#8221;#ffffff&#8221; highlight_color=&#8221;#5678dc&#8221; highlight_opacity=&#8221;1&#8243; size=&#8221;30&#8243; line_height=&#8221;50&#8243; font_weight=&#8221;300&#8243; font_family=&#8221;none&#8221; align=&#8221;center&#8221;]diagn\u00f3stico e planejamento[\/mk_title_box][mk_title_box color=&#8221;#5678dc&#8221; highlight_color=&#8221;#ffffff&#8221; highlight_opacity=&#8221;1&#8243; size=&#8221;30&#8243; line_height=&#8221;50&#8243; font_weight=&#8221;300&#8243; stroke_color=&#8221;#5678dc&#8221; font_family=&#8221;none&#8221; align=&#8221;center&#8221;]S\u00e3o Paulo &#8211; 18 de Junho de 2020[\/mk_title_box][mk_icon_box icon=&#8221;mk-li-pinmap&#8221; title=&#8221;Local:&#8221; style=&#8221;simple_ultimate&#8221; icon_location=&#8221;top&#8221; icon_color=&#8221;&#8221;]Espa\u00e7o Maestro \u2013 Rua Maestro Cardim, 1170 \u2013 Para\u00edso \u2013 S\u00e3o Paulo\/SP[\/mk_icon_box][\/vc_column][\/mk_page_section][mk_page_section bg_color=&#8221;#2c9afb&#8221; enable_3d=&#8221;true&#8221; bg_gradient=&#8221;vertical&#8221; video_color_mask=&#8221;#5a5ada&#8221; gr_end=&#8221;#43a5f4&#8243; video_opacity=&#8221;1&#8243; min_height=&#8221;0&#8243; padding_top=&#8221;80&#8243; padding_bottom=&#8221;80&#8243; top_shape_style=&#8221;speech-top&#8221; top_shape_color=&#8221;#ffffff&#8221; top_shape_bg_color=&#8221;#43a5f4&#8243; bottom_shape_color=&#8221;#ffffff&#8221; section_id=&#8221;tornese&#8221; sidebar=&#8221;sidebar-1&#8243;][vc_column][vc_row_inner][vc_column_inner width=&#8221;1\/6&#8243;][\/vc_column_inner][vc_column_inner width=&#8221;2\/3&#8243;][mk_fancy_title color=&#8221;#ffffff&#8221; size=&#8221;45&#8243; font_weight=&#8221;200&#8243; margin_bottom=&#8221;0&#8243; font_family=&#8221;none&#8221; align=&#8221;center&#8221;]Reserve sua vaga[\/mk_fancy_title][vc_custom_heading text=&#8221;Preencha o formul\u00e1rio abaixo e fa\u00e7a sua inscri\u00e7\u00e3o! *As vagas s\u00e3o limitadas e ser\u00e3o preenchidas por ordem de inscri\u00e7\u00e3o.&#8221; font_container=&#8221;tag:p|font_size:20px|text_align:center|color:%23ffffff|line_height:35px&#8221; use_theme_fonts=&#8221;yes&#8221;]\n<div class=\"wpcf7 no-js\" id=\"wpcf7-f2378-o1\" lang=\"pt-BR\" dir=\"ltr\">\n<div class=\"screen-reader-response\"><p role=\"status\" aria-live=\"polite\" aria-atomic=\"true\"><\/p> <ul><\/ul><\/div>\n<form action=\"\/portal\/wp-json\/wp\/v2\/pages\/2140#wpcf7-f2378-o1\" method=\"post\" class=\"wpcf7-form init\" aria-label=\"Formul\u00e1rios de contato\" novalidate=\"novalidate\" data-status=\"init\">\n<div style=\"display: none;\">\n<input type=\"hidden\" name=\"_wpcf7\" value=\"2378\" \/>\n<input type=\"hidden\" name=\"_wpcf7_version\" value=\"5.9.3\" \/>\n<input type=\"hidden\" name=\"_wpcf7_locale\" value=\"pt_BR\" \/>\n<input type=\"hidden\" name=\"_wpcf7_unit_tag\" value=\"wpcf7-f2378-o1\" \/>\n<input type=\"hidden\" name=\"_wpcf7_container_post\" value=\"0\" \/>\n<input type=\"hidden\" name=\"_wpcf7_posted_data_hash\" value=\"\" \/>\n<\/div>\n<p><span class=\"wpcf7-form-control-wrap\" data-name=\"nome\"><input size=\"40\" class=\"wpcf7-form-control wpcf7-text wpcf7-validates-as-required\" aria-required=\"true\" aria-invalid=\"false\" placeholder=\"Nome Completo*\" value=\"\" type=\"text\" name=\"nome\" \/><\/span><br \/>\n<span class=\"wpcf7-form-control-wrap\" data-name=\"cro\"><input size=\"40\" class=\"wpcf7-form-control wpcf7-text wpcf7-validates-as-required\" aria-required=\"true\" aria-invalid=\"false\" placeholder=\"CRO*\" value=\"\" type=\"text\" name=\"cro\" \/><\/span><br \/>\n<span class=\"wpcf7-form-control-wrap\" data-name=\"email\"><input size=\"40\" class=\"wpcf7-form-control wpcf7-email wpcf7-validates-as-required wpcf7-text wpcf7-validates-as-email\" aria-required=\"true\" aria-invalid=\"false\" placeholder=\"E-mail*\" value=\"\" type=\"email\" name=\"email\" \/><\/span><br \/>\n<span class=\"wpcf7-form-control-wrap\" data-name=\"celular\"><input size=\"40\" class=\"wpcf7-form-control wpcf7-text wpcf7-validates-as-required\" aria-required=\"true\" aria-invalid=\"false\" placeholder=\"Celular (com DDD)*\" value=\"\" type=\"text\" name=\"celular\" \/><\/span><br \/>\n<span class=\"wpcf7-form-control-wrap\" data-name=\"curso\"><select class=\"wpcf7-form-control wpcf7-select wpcf7-validates-as-required\" aria-required=\"true\" aria-invalid=\"false\" name=\"curso\"><option value=\"Selecione uma cidade\">Selecione uma cidade<\/option><option value=\"S\u00e3o Paulo - 18\/6\">S\u00e3o Paulo - 18\/6<\/option><\/select><\/span><br \/>\n<span class=\"wpcf7-form-control-wrap\" data-name=\"cred\"><span class=\"wpcf7-form-control wpcf7-radio\"><span class=\"wpcf7-list-item first\"><input type=\"radio\" name=\"cred\" value=\"J\u00e1 sou um credenciado\" checked=\"checked\" \/><span class=\"wpcf7-list-item-label\">J\u00e1 sou um credenciado<\/span><\/span><span class=\"wpcf7-list-item last\"><input type=\"radio\" name=\"cred\" value=\"Quero ser um credenciado\" \/><span class=\"wpcf7-list-item-label\">Quero ser um credenciado<\/span><\/span><\/span><\/span>\n<\/p>\n<p><input class=\"wpcf7-form-control wpcf7-submit has-spinner\" type=\"submit\" value=\"Reservar Vaga\" \/>\n<\/p><div class=\"wpcf7-response-output\" aria-hidden=\"true\"><\/div>\n<\/form>\n<\/div>\n[mk_padding_divider size=&#8221;20&#8243;][mk_divider style=&#8221;thin_solid&#8221; thin_single_color=&#8221;#ffffff&#8221; thickness=&#8221;2&#8243;][mk_fancy_title color=&#8221;#ffffff&#8221; size=&#8221;30&#8243; font_weight=&#8221;200&#8243; margin_bottom=&#8221;0&#8243; font_family=&#8221;none&#8221; align=&#8221;center&#8221;]Ainda n\u00e3o \u00e9 um credenciado Esthetic Aligner? Acompanhe a nossa agenda de cursos de credenciamento e inscreva-se.[\/mk_fancy_title][mk_button dimension=&#8221;outline&#8221; corner_style=&#8221;full_rounded&#8221; size=&#8221;large&#8221; url=&#8221;https:\/\/estheticaligner.com.co\/portal\/agenda-de-cursos\/&#8221; align=&#8221;center&#8221; outline_skin=&#8221;custom&#8221; outline_active_color=&#8221;#ffffff&#8221; outline_active_text_color=&#8221;#ffffff&#8221; outline_hover_bg_color=&#8221;#ffffff&#8221; outline_hover_color=&#8221;#43a5f4&#8243;]COMECE AGORA O SEU CREDENCIAMENTO[\/mk_button][\/vc_column_inner][vc_column_inner width=&#8221;1\/6&#8243;][\/vc_column_inner][\/vc_row_inner][\/vc_column][\/mk_page_section]\n","protected":false},"excerpt":{"rendered":"<p>[mk_page_section bg_image=&#8221;https:\/\/estheticaligner.com.co\/portal\/wp-content\/uploads\/alinhador-ortodontico-estetico-esthetic-aligner.jpg&#8221; bg_image_portrait=&#8221;https:\/\/estheticaligner.com.co\/portal\/wp-content\/uploads\/alinhador-ortodontico-estetico-esthetic-aligner_retrato-1.jpg&#8221; attachment=&#8221;fixed&#8221; bg_position=&#8221;center center&#8221; bg_stretch=&#8221;true&#8221; padding_top=&#8221;60&#8243; padding_bottom=&#8221;60&#8243; top_shape_color=&#8221;#ffffff&#8221; bottom_shape_style=&#8221;speech-bottom&#8221; bottom_shape_size=&#8221;small&#8221; bottom_shape_color=&#8221;#5a5ada&#8221; bottom_shape_bg_color=&#8221;#ffffff&#8221; section_id=&#8221;depoimentos&#8221; sidebar=&#8221;sidebar-1&#8243;][vc_column css=&#8221;.vc_custom_1465713607627{padding-right: 20px !important;padding-left: 20px !important;}&#8221;][mk_fancy_title color=&#8221;#ffffff&#8221; size=&#8221;40&#8243; font_weight=&#8221;200&#8243; txt_transform=&#8221;uppercase&#8221; margin_bottom=&#8221;0&#8243; font_family=&#8221;none&#8221; align=&#8221;center&#8221;]Curso de Diagn\u00f3stico e Planejamento[\/mk_fancy_title][vc_row_inner][vc_column_inner width=&#8221;1\/6&#8243;][\/vc_column_inner][vc_column_inner width=&#8221;2\/3&#8243;][mk_fancy_title color=&#8221;#ffffff&#8221; size=&#8221;20&#8243; font_weight=&#8221;bolder&#8221; txt_transform=&#8221;none&#8221; margin_bottom=&#8221;0&#8243; font_family=&#8221;none&#8221; align=&#8221;center&#8221;]An\u00e1lise Facial &#8211; An\u00e1lise Cefalom\u00e9trica Simplificada &#8211;\u00a0An\u00e1lise de Modelo Digital &#8211; Planejamento e Desenvolvimento de [&hellip;]<\/p>\n","protected":false},"author":3188,"featured_media":0,"parent":0,"menu_order":0,"comment_status":"closed","ping_status":"closed","template":"","meta":{"footnotes":""},"_links":{"self":[{"href":"https:\/\/estheticaligner.com.co\/portal\/wp-json\/wp\/v2\/pages\/2140"}],"collection":[{"href":"https:\/\/estheticaligner.com.co\/portal\/wp-json\/wp\/v2\/pages"}],"about":[{"href":"https:\/\/estheticaligner.com.co\/portal\/wp-json\/wp\/v2\/types\/page"}],"author":[{"embeddable":true,"href":"https:\/\/estheticaligner.com.co\/portal\/wp-json\/wp\/v2\/users\/3188"}],"replies":[{"embeddable":true,"href":"https:\/\/estheticaligner.com.co\/portal\/wp-json\/wp\/v2\/comments?post=2140"}],"version-history":[{"count":0,"href":"https:\/\/estheticaligner.com.co\/portal\/wp-json\/wp\/v2\/pages\/2140\/revisions"}],"wp:attachment":[{"href":"https:\/\/estheticaligner.com.co\/portal\/wp-json\/wp\/v2\/media?parent=2140"}],"curies":[{"name":"wp","href":"https:\/\/api.w.org\/{rel}","templated":true}]}}